{"id":3604,"date":"2024-05-29T09:30:04","date_gmt":"2024-05-29T09:30:04","guid":{"rendered":"https:\/\/ofornodecatuxa.es\/politique-de-confidentialite\/"},"modified":"2024-09-18T11:07:34","modified_gmt":"2024-09-18T11:07:34","slug":"politique-de-confidentialite","status":"publish","type":"page","link":"https:\/\/ofornodecatuxa.es\/fr\/politique-de-confidentialite\/","title":{"rendered":"Politique de confidentialit\u00e9"},"content":{"rendered":"\n<p><strong>O Forno de Catuxa<\/strong> met \u00e0 votre disposition via le site web https:\/\/ofornodecatuxa.es<em> <\/em>Cette politique de confidentialit\u00e9 a pour but de vous informer, en d\u00e9tail, sur la mani\u00e8re dont nous traitons vos donn\u00e9es personnelles et prot\u00e9geons votre vie priv\u00e9e et les informations que vous nous fournissez.\nEn cas de modifications futures de celui-ci, nous vous en informerons par le biais du site Web ou par d\u2019autres moyens afin que vous puissiez prendre connaissance des nouvelles conditions de confidentialit\u00e9 introduites. <\/p>\n\n<p>Conform\u00e9ment au r\u00e8glement (UE) 2016\/679, loi g\u00e9n\u00e9rale sur la protection des donn\u00e9es et la loi organique 3\/2018, du 5 d\u00e9cembre, sur la protection des donn\u00e9es \u00e0 caract\u00e8re personnel et la garantie des droits num\u00e9riques, nous vous informons de ce qui suit :<\/p>\n\n<p><strong>Responsable du traitement des donn\u00e9es<\/strong><\/p>\n\n<ul class=\"wp-block-list\">\n<li>Identit\u00e9 : Miguel \u00c1ngel Cabana Aguiar avec NIF 33319939T<\/li>\n\n\n\n<li>Dir.\nCarte postale\u00a0: Carballido 8 Esperante, 27210 Lugo <\/li>\n\n\n\n<li>Courriel : info@ofornodecatuxa.es<\/li>\n\n\n\n<li>Site Web : www.ofornodecatuxa.es<\/li>\n<\/ul>\n\n<h4 class=\"wp-block-heading\">Dans quel but traitons-nous vos donn\u00e9es personnelles ?<\/h4>\n\n<p>L\u2019h\u00e9bergement collecte et traite vos informations personnelles en g\u00e9n\u00e9ral pour g\u00e9rer la relation que nous entretenons avec vous, les principales finalit\u00e9s que nous avons identifi\u00e9es sont les suivantes :<\/p>\n\n<ul class=\"wp-block-list\">\n<li>Gestion et contractualisation des services propos\u00e9s par notre h\u00e9bergement<\/li>\n\n\n\n<li>Canalisez les demandes d\u2019informations, les suggestions et les r\u00e9clamations que vous pouvez nous adresser<\/li>\n\n\n\n<li>Pour vous tenir inform\u00e9 des \u00e9v\u00e9nements, offres, produits et services susceptibles de vous int\u00e9resser par le biais de diff\u00e9rents canaux de communication, \u00e0 condition que vous ayez donn\u00e9 votre consentement.<\/li>\n\n\n\n<li>Gestion de la relation commerciale entretenue avec nos fournisseurs<\/li>\n\n\n\n<li>O Forno de Catuxa dispose de cam\u00e9ras de vid\u00e9osurveillance dans les espaces communs pour assurer la s\u00e9curit\u00e9 des clients.<\/li>\n\n\n\n<li>L\u2019installation et le fonctionnement des cam\u00e9ras de s\u00e9curit\u00e9 sont conformes \u00e0 la r\u00e9glementation en vigueur.<\/li>\n<\/ul>\n\n<h4 class=\"wp-block-heading\">Comment recueillons-nous vos informations ?<\/h4>\n\n<p>Nous recueillons vos informations personnelles par diff\u00e9rents moyens :<\/p>\n\n<ul class=\"wp-block-list\">\n<li>Formulaire de contact : pour envoyer des informations sur la recherche effectu\u00e9e (nom, pr\u00e9nom et e-mail), en obtenant la l\u00e9gitimit\u00e9 correspondante par le biais de la relation pr\u00e9contractuelle des parties ;<\/li>\n<\/ul>\n\n<ul class=\"wp-block-list\">\n<li>Formulaire de services\u00a0: pour maintenir la relation contractuelle, ainsi que la gestion, l\u2019administration, l\u2019information, la fourniture et l\u2019am\u00e9lioration du service offert, en obtenant la l\u00e9gitimit\u00e9 correspondante par le biais de la relation contractuelle entre les parties, qui sera envoy\u00e9e une fois que le client nous aura contact\u00e9s.<\/li>\n<\/ul>\n\n<p>Au moment de la collecte, vous serez toujours inform\u00e9 au moyen de clauses d\u2019information sur le responsable du traitement, la finalit\u00e9 et la base juridique de celui-ci, les destinataires des donn\u00e9es et la dur\u00e9e de conservation de vos informations, ainsi que sur la mani\u00e8re dont vous pouvez exercer vos droits en mati\u00e8re de protection des donn\u00e9es.\nEn g\u00e9n\u00e9ral, les informations personnelles que nous traitons se limitent aux donn\u00e9es d\u2019identification (nom et pr\u00e9nom, date de naissance, adresse, carte d\u2019identit\u00e9, num\u00e9ro de t\u00e9l\u00e9phone et e-mail).\nLe logement utilise les m\u00e9dias sociaux et c\u2019est un autre moyen de vous joindre.\nLes renseignements recueillis par le biais des messages et des communications que vous publiez peuvent contenir des renseignements personnels qui sont disponibles en ligne et accessibles au public.\nCes r\u00e9seaux sociaux ont leurs propres politiques de confidentialit\u00e9 qui expliquent comment ils utilisent et partagent vos informations, nous vous recommandons donc de les v\u00e9rifier avant de les utiliser pour confirmer que vous \u00eates d\u2019accord avec la mani\u00e8re dont vos informations sont collect\u00e9es, trait\u00e9es et partag\u00e9es.\nDe m\u00eame, ce site web collecte des cookies, que vous pouvez consulter sur le lien suivant : <a href=\"\">POLITIQUE DE COOKIES<\/a>     <\/p>\n\n<h4 class=\"wp-block-heading\">Responsabilit\u00e9 de l\u2019utilisateur<\/h4>\n\n<p>En nous fournissant ses donn\u00e9es par voie \u00e9lectronique, l\u2019utilisateur garantit qu\u2019il est \u00e2g\u00e9 de plus de 14 ans et que les donn\u00e9es fournies \u00e0 l\u2019H\u00e9bergement sont v\u00e9ridiques, exactes, compl\u00e8tes et \u00e0 jour.\n\u00c0 cette fin, l\u2019utilisateur confirme qu\u2019il est responsable de la v\u00e9racit\u00e9 des donn\u00e9es communiqu\u00e9es et qu\u2019il maintiendra ces informations convenablement mises \u00e0 jour afin qu\u2019elles correspondent \u00e0 sa situation r\u00e9elle, \u00e9tant responsable de toutes les donn\u00e9es fausses et inexactes qui pourraient \u00eatre fournies, ainsi que de tout dommage direct ou indirect qui pourrait en d\u00e9couler. <\/p>\n\n<h4 class=\"wp-block-heading\">Combien de temps conservons-nous vos informations ?<\/h4>\n\n<p>Nous ne conserverons vos informations que pendant la p\u00e9riode de temps n\u00e9cessaire pour se conformer \u00e0 la finalit\u00e9 pour laquelle elles ont \u00e9t\u00e9 collect\u00e9es, pour nous conformer aux obligations l\u00e9gales qui nous sont impos\u00e9es et pour faire face aux \u00e9ventuelles responsabilit\u00e9s qui peuvent d\u00e9couler de la r\u00e9alisation de la finalit\u00e9 pour laquelle les donn\u00e9es ont \u00e9t\u00e9 collect\u00e9es.<\/p>\n\n<p>Si, \u00e0 tout moment, nous avons collect\u00e9 vos donn\u00e9es pour vous adresser en tant qu\u2019utilisateur potentiel de nos services ou pour r\u00e9pondre \u00e0 une demande d\u2019information formul\u00e9e par vous, ces donn\u00e9es seront conserv\u00e9es pendant un maximum de 6 mois \u00e0 compter de leur collecte, et seront supprim\u00e9es apr\u00e8s cette p\u00e9riode si une relation contractuelle n\u2019a pas \u00e9t\u00e9 formalis\u00e9e ou au moment o\u00f9 vous en faites la demande.<\/p>\n\n<p>Dans tous les cas, et en r\u00e8gle g\u00e9n\u00e9rale, nous conserverons vos informations personnelles tant qu\u2019il existe une relation contractuelle qui nous lie ou que vous n\u2019exercez pas votre droit \u00e0 l\u2019effacement et\/ou \u00e0 la limitation du traitement, auquel cas, les informations seront bloqu\u00e9es sans que leur utilisation ne d\u00e9passe leur conservation, aussi longtemps qu\u2019elles peuvent \u00eatre n\u00e9cessaires \u00e0 l\u2019exercice ou \u00e0 la d\u00e9fense de r\u00e9clamations ou \u00e0 tout type de responsabilit\u00e9 qui devrait \u00eatre prise en charge.<\/p>\n\n<h4 class=\"wp-block-heading\">\u00c0 qui divulguons-nous vos donn\u00e9es ?<\/h4>\n\n<p>En g\u00e9n\u00e9ral, nous ne partageons pas vos informations personnelles, \u00e0 l\u2019exception des divulgations que nous devons faire sur la base d\u2019obligations l\u00e9gales impos\u00e9es.<\/p>\n\n<p>Bien qu\u2019il ne s\u2019agisse pas d\u2019un transfert de donn\u00e9es, afin de vous fournir le service demand\u00e9, il se peut que des tiers, agissant en tant que nos fournisseurs, acc\u00e8dent \u00e0 vos informations pour ex\u00e9cuter le service que nous avons contract\u00e9 pour eux.\nCes sous-traitants acc\u00e8dent \u00e0 vos donn\u00e9es en suivant nos instructions et sans pouvoir les utiliser \u00e0 d\u2019autres fins et en maintenant la plus stricte confidentialit\u00e9. <\/p>\n\n<ul class=\"wp-block-list\">\n<li>Hetzner Online GmbH, dont le si\u00e8ge social est situ\u00e9 \u00e0 Industriestr.\n25, 91710 Gunzenhausen, Allemagne, TVA\nNon.\nDE 812871812, qui fournit les services de gestion d\u2019h\u00e9bergement.\nLa politique de confidentialit\u00e9 et les autres aspects juridiques de cette soci\u00e9t\u00e9 peuvent \u00eatre consult\u00e9s au lien suivant : <a href=\"\" target=\"\" rel=\"noopener\">https:\/\/www.hetzner.com\/legal\/privacy-policy<\/a>    <\/li>\n\n\n\n<li>Redsys\u00a0: Redsys Servicios de Procesaci\u00f3n, S.L.\u00a0: soci\u00e9t\u00e9 utilis\u00e9e pour g\u00e9rer les paiements par carte de cr\u00e9dit sur le site web. Situ\u00e9 \u00e0 Francisco Sancha, 12 \u2013 28034 Madrid. Politique de confidentialit\u00e9 et autres aspects juridiques de ladite soci\u00e9t\u00e9 au lien suivant : <a href=\"https:\/\/www.redsys.es\/legal\/20200224_poli%CC%81tica_de_privacidad.pdf\" target=\"_blank\" rel=\"noreferrer noopener\">https:\/\/www.redsys.es\/legal\/20200224_poli%CC%81tica_de_privacidad.pdf<\/a><\/li>\n\n\n\n<li>Google LLC, dont le si\u00e8ge social est situ\u00e9 au 1600 Amphitheatre Parkway, 94043, Mountain View, Californie, \u00c9tats-Unis, qui fournit des services de mesure, d\u2019arpentage et de courrier.\nIls ont adopt\u00e9 des clauses types de traitement des donn\u00e9es approuv\u00e9es par la Commission europ\u00e9enne qui peuvent \u00eatre consult\u00e9es \u00e0 l\u2019adresse suivante : <a href=\"\" target=\"\" rel=\"noopener\">https:\/\/cloud.google.com\/security\/gdpr\/resource-center<\/a>.\nPolitique de confidentialit\u00e9 et autres aspects juridiques de ladite soci\u00e9t\u00e9 au lien suivant\u00a0: <a href=\"https:\/\/www.hetzner.com\/legal\/privacy-policy\" target=\"_blank\" rel=\"noreferrer noopener\">https:\/\/www.google.com\/intl\/es\/policies\/privacy\/<\/a>  <\/li>\n\n\n\n<li>KROSS BOOKING\u00a0: Krossbooking est un logiciel pour les propri\u00e9taires de locations de vacances auquel les donn\u00e9es de r\u00e9servation de base sont envoy\u00e9es pour une gestion centralis\u00e9e, qui appartient \u00e0 la soci\u00e9t\u00e9 Solutions Plus SRL bas\u00e9e \u00e0 Str.\nProv.\nBitonto \u2013 Aerop.\nPalese, 28 ans \u2013 Bari, Italie.\nLien vers la politique de confidentialit\u00e9 de Krossbooking : <a href=\"\" target=\"\" rel=\"noopener\">https:\/\/www.krossbooking.com\/privacy\/<\/a>    <\/li>\n<\/ul>\n\n<p>De m\u00eame, vos informations personnelles seront mises \u00e0 la disposition des administrations publiques, des juges et des tribunaux, \u00e0 l\u2019attention d\u2019\u00e9ventuelles responsabilit\u00e9s d\u00e9coulant du traitement.<\/p>\n\n<h4 class=\"wp-block-heading\">Transferts internationaux de donn\u00e9es<\/h4>\n\n<p>Nous avons convenu avec nos fournisseurs que, pour la fourniture du service contractuel, ils utiliseront des serveurs situ\u00e9s dans l\u2019EEE et si, \u00e0 l\u2019avenir, nous devons utiliser des serveurs situ\u00e9s en dehors du territoire de l\u2019UE, les mesures appropri\u00e9es seront adopt\u00e9es, qui seront int\u00e9gr\u00e9es dans la pr\u00e9sente politique de confidentialit\u00e9, garantissant que les garanties appropri\u00e9es sont en place.<\/p>\n\n<h4 class=\"wp-block-heading\">Quels sont vos droits en ce qui concerne le traitement de vos donn\u00e9es et comment pouvez-vous les exercer ?<\/h4>\n\n<p>La r\u00e9glementation sur la protection des donn\u00e9es vous permet d\u2019exercer vos droits d\u2019acc\u00e8s, de rectification, d\u2019effacement et de portabilit\u00e9 des donn\u00e9es et d\u2019opposition et de limitation de leur traitement, ainsi que de ne pas faire l\u2019objet de d\u00e9cisions fond\u00e9es uniquement sur le traitement automatis\u00e9 de vos donn\u00e9es, le cas \u00e9ch\u00e9ant.<\/p>\n\n<p>Ces droits sont caract\u00e9ris\u00e9s par ce qui suit :<\/p>\n\n<ul class=\"wp-block-list\">\n<li>Son exercice est gratuit, sauf en cas de demandes manifestement infond\u00e9es ou excessives (par exemple r\u00e9p\u00e9titives), auquel cas le logement peut facturer des frais proportionnels aux frais administratifs encourus ou refuser d\u2019agir<\/li>\n\n\n\n<li>Vous pouvez exercer vos droits directement ou par l\u2019interm\u00e9diaire de votre repr\u00e9sentant l\u00e9gal ou b\u00e9n\u00e9vole.<\/li>\n\n\n\n<li>Nous devons r\u00e9pondre \u00e0 votre demande dans un d\u00e9lai d\u2019un mois, bien que, si la complexit\u00e9 et le nombre de demandes sont pris en compte, le d\u00e9lai puisse \u00eatre prolong\u00e9 de deux mois suppl\u00e9mentaires.<\/li>\n\n\n\n<li>Nous avons l\u2019obligation de vous informer sur les moyens d\u2019exercer ces droits, qui doivent \u00eatre accessibles et sans pouvoir vous refuser l\u2019exercice du droit au seul motif d\u2019opter pour un autre moyen.\nSi la demande est soumise par voie \u00e9lectronique, les informations seront fournies par ces moyens dans la mesure du possible, sauf demande contraire de votre part. <\/li>\n\n\n\n<li>Si nous ne traitons pas la demande, vous serez inform\u00e9, dans un d\u00e9lai d\u2019un mois, des raisons de votre inaction et de la possibilit\u00e9 d\u2019introduire une r\u00e9clamation aupr\u00e8s d\u2019une Autorit\u00e9 de contr\u00f4le<\/li>\n\n\n\n<li>\u00a0<\/li>\n<\/ul>\n\n<p>Afin de faciliter leur exercice, nous mettons \u00e0 votre disposition les liens vers le formulaire de demande pour chacun des droits :<\/p>\n\n<p><a href=\"https:\/\/www.aepd.es\/media\/formularios\/formulario-derecho-de-acceso.pdf\" target=\"_blank\" rel=\"noreferrer noopener\">Formulaire d\u2019exercice du droit d\u2019acc\u00e8s<\/a><\/p>\n\n<p><a href=\"https:\/\/www.aepd.es\/media\/formularios\/formulario-derecho-de-rectificacion.pdf\" target=\"_blank\" rel=\"noreferrer noopener\">Formulaire d\u2019exercice du droit de rectification<\/a><\/p>\n\n<p><a href=\"https:\/\/www.aepd.es\/media\/formularios\/formulario-derecho-de-oposicion.pdf\" target=\"_blank\" rel=\"noreferrer noopener\">Formulaire d\u2019exercice du droit d\u2019opposition<\/a><\/p>\n\n<p><a href=\"https:\/\/www.aepd.es\/media\/formularios\/formulario-derecho-de-supresion.pdf\" target=\"_blank\" rel=\"noreferrer noopener\">Formulaire d\u2019exercice du droit \u00e0 l\u2019effacement (\u00ab droit \u00e0 l\u2019oubli \u00bb)<\/a><\/p>\n\n<p><a href=\"https:\/\/www.aepd.es\/media\/formularios\/formulario-derecho-de-limitacion.pdf\" target=\"_blank\" rel=\"noreferrer noopener\">Formulaire d\u2019exercice du droit \u00e0 la limitation du traitement<\/a><\/p>\n\n<p><a href=\"https:\/\/www.aepd.es\/media\/formularios\/formulario-derecho-de-portabilidad.pdf\" target=\"_blank\" rel=\"noreferrer noopener\">Formulaire d\u2019exercice du droit \u00e0 la portabilit\u00e9<\/a><\/p>\n\n<p><a href=\"https:\/\/www.aepd.es\/media\/formularios\/formulario-derecho-de-oposicion-decisiones-automatizadas.pdf\" target=\"_blank\" rel=\"noreferrer noopener\">Formulaire d\u2019exercice pour ne pas faire l\u2019objet de d\u00e9cisions individuelles automatis\u00e9es<\/a><\/p>\n\n<p>Pour exercer vos droits, nous mettons \u00e0 votre disposition les moyens suivants :<\/p>\n\n<ol class=\"wp-block-list\">\n<li>Au moyen d\u2019une demande \u00e9crite et sign\u00e9e adress\u00e9e \u00e0 l\u2019adresse postale du responsable du traitement avec R\u00e9f.\nExercice des droits LOPD. <\/li>\n\n\n\n<li>En envoyant un formulaire num\u00e9ris\u00e9 et sign\u00e9 \u00e0 l\u2019adresse e-mail du responsable du traitement indiqu\u00e9e ci-dessus, en indiquant dans l\u2019objet Exercice des droits LOPD.<\/li>\n<\/ol>\n\n<p>Dans les deux cas, vous devez prouver votre identit\u00e9 en joignant une photocopie ou, le cas \u00e9ch\u00e9ant, une copie scann\u00e9e de votre carte d\u2019identit\u00e9 ou d\u2019un document \u00e9quivalent afin de v\u00e9rifier que nous ne r\u00e9pondons qu\u2019\u00e0 l\u2019int\u00e9ress\u00e9 ou \u00e0 son repr\u00e9sentant l\u00e9gal, auquel cas vous devez fournir un document accr\u00e9ditant la repr\u00e9sentation.<\/p>\n\n<p>De m\u00eame, et surtout si vous estimez que vous n\u2019avez pas obtenu pleine satisfaction dans l\u2019exercice de vos droits, nous vous informons que vous pouvez d\u00e9poser une plainte aupr\u00e8s de l\u2019autorit\u00e9 nationale de contr\u00f4le en contactant l\u2019Agence espagnole de protection des donn\u00e9es, C\/ Jorge Juan, 6 \u2013 28001 Madrid.<\/p>\n\n<h4 class=\"wp-block-heading\">Comment prot\u00e9geons-nous vos informations ?<\/h4>\n\n<p>Nous nous engageons \u00e0 prot\u00e9ger vos informations personnelles.<\/p>\n\n<p>Nous utilisons des mesures, des contr\u00f4les et des proc\u00e9dures physiques, organisationnels et technologiques raisonnablement fiables et efficaces, visant \u00e0 pr\u00e9server l\u2019int\u00e9grit\u00e9 et la s\u00e9curit\u00e9 de vos donn\u00e9es et \u00e0 garantir votre vie priv\u00e9e.<\/p>\n\n<p>De plus, tout le personnel ayant acc\u00e8s aux donn\u00e9es personnelles a \u00e9t\u00e9 form\u00e9 et est conscient de ses obligations en mati\u00e8re de traitement de ses donn\u00e9es personnelles.<\/p>\n\n<p>Dans le cas des contrats que nous signons avec nos fournisseurs, nous incluons des clauses dans lesquelles ils sont tenus de maintenir l\u2019obligation de secret sur les donn\u00e9es personnelles auxquelles ils ont eu acc\u00e8s en vertu de la mission effectu\u00e9e, ainsi que de mettre en \u0153uvre les mesures de s\u00e9curit\u00e9 techniques et organisationnelles n\u00e9cessaires pour garantir la confidentialit\u00e9,  Int\u00e9grit\u00e9, disponibilit\u00e9 et r\u00e9silience permanentes des syst\u00e8mes et services de traitement des donn\u00e9es personnelles.<\/p>\n\n<p>Toutes ces mesures de s\u00e9curit\u00e9 sont r\u00e9examin\u00e9es p\u00e9riodiquement pour s\u2019assurer de leur ad\u00e9quation et de leur efficacit\u00e9.<\/p>\n\n<p>Cependant, une s\u00e9curit\u00e9 absolue ne peut \u00eatre garantie et il n\u2019existe pas de syst\u00e8me de s\u00e9curit\u00e9 imp\u00e9n\u00e9trable et, dans le cas o\u00f9 des informations faisant l\u2019objet d\u2019un traitement et sous notre contr\u00f4le seraient compromises \u00e0 la suite d\u2019une violation de la s\u00e9curit\u00e9, nous prendrons les mesures appropri\u00e9es pour enqu\u00eater sur l\u2019incident, en informerons l\u2019autorit\u00e9 de surveillance et,  le cas \u00e9ch\u00e9ant, aux utilisateurs susceptibles d\u2019avoir \u00e9t\u00e9 affect\u00e9s afin qu\u2019ils prennent les mesures appropri\u00e9es.<\/p>\n","protected":false},"excerpt":{"rendered":"<p>O Forno de Catuxa met \u00e0 votre disposition via le site web https:\/\/ofornodecatuxa.es Cette politique de confidentialit\u00e9 a pour but de vous informer, en d\u00e9tail, sur la mani\u00e8re dont nous traitons vos donn\u00e9es personnelles et prot\u00e9geons votre vie priv\u00e9e et les informations que vous nous fournissez. En cas de modifications futures de celui-ci, nous vous [&hellip;]<\/p>\n","protected":false},"author":1,"featured_media":0,"parent":0,"menu_order":0,"comment_status":"closed","ping_status":"closed","template":"","meta":{"_acf_changed":false,"_seopress_robots_primary_cat":"","_seopress_titles_title":"","_seopress_titles_desc":"","_seopress_robots_index":"","footnotes":""},"class_list":["post-3604","page","type-page","status-publish","hentry"],"acf":[],"_links":{"self":[{"href":"https:\/\/ofornodecatuxa.es\/fr\/wp-json\/wp\/v2\/pages\/3604","targetHints":{"allow":["GET"]}}],"collection":[{"href":"https:\/\/ofornodecatuxa.es\/fr\/wp-json\/wp\/v2\/pages"}],"about":[{"href":"https:\/\/ofornodecatuxa.es\/fr\/wp-json\/wp\/v2\/types\/page"}],"author":[{"embeddable":true,"href":"https:\/\/ofornodecatuxa.es\/fr\/wp-json\/wp\/v2\/users\/1"}],"replies":[{"embeddable":true,"href":"https:\/\/ofornodecatuxa.es\/fr\/wp-json\/wp\/v2\/comments?post=3604"}],"version-history":[{"count":2,"href":"https:\/\/ofornodecatuxa.es\/fr\/wp-json\/wp\/v2\/pages\/3604\/revisions"}],"predecessor-version":[{"id":4591,"href":"https:\/\/ofornodecatuxa.es\/fr\/wp-json\/wp\/v2\/pages\/3604\/revisions\/4591"}],"wp:attachment":[{"href":"https:\/\/ofornodecatuxa.es\/fr\/wp-json\/wp\/v2\/media?parent=3604"}],"curies":[{"name":"wp","href":"https:\/\/api.w.org\/{rel}","templated":true}]}}